{"id":9,"date":"2024-06-07T10:48:50","date_gmt":"2024-06-07T08:48:50","guid":{"rendered":"https:\/\/leipzig.wordcamp.org\/2025\/sessions\/"},"modified":"2025-05-19T20:14:47","modified_gmt":"2025-05-19T18:14:47","slug":"vortraege","status":"publish","type":"page","link":"https:\/\/leipzig.wordcamp.org\/2025\/vortraege\/","title":{"rendered":"Vortr\u00e4ge"},"content":{"rendered":"\n<figure class=\"wp-block-gallery has-nested-images columns-default is-cropped wp-block-gallery-1 is-layout-flex wp-block-gallery-is-layout-flex\">\n<figure class=\"wp-block-image size-large\"><img data-recalc-dims=\"1\" loading=\"lazy\" decoding=\"async\" width=\"1024\" height=\"768\" data-id=\"1077\" src=\"https:\/\/i0.wp.com\/leipzig.wordcamp.org\/2025\/files\/2025\/05\/hauptorganisatoren-wordcampleipzig2025.jpg?resize=1024%2C768&#038;ssl=1\" alt=\"Hinweis WordPress Meetup\" class=\"wp-image-1077\" srcset=\"https:\/\/i0.wp.com\/leipzig.wordcamp.org\/2025\/files\/2025\/05\/hauptorganisatoren-wordcampleipzig2025.jpg?w=1024&amp;ssl=1 1024w, https:\/\/i0.wp.com\/leipzig.wordcamp.org\/2025\/files\/2025\/05\/hauptorganisatoren-wordcampleipzig2025.jpg?resize=300%2C225&amp;ssl=1 300w, https:\/\/i0.wp.com\/leipzig.wordcamp.org\/2025\/files\/2025\/05\/hauptorganisatoren-wordcampleipzig2025.jpg?resize=768%2C576&amp;ssl=1 768w, https:\/\/i0.wp.com\/leipzig.wordcamp.org\/2025\/files\/2025\/05\/hauptorganisatoren-wordcampleipzig2025.jpg?resize=400%2C300&amp;ssl=1 400w\" sizes=\"auto, (max-width: 1000px) 100vw, 1000px\" \/><\/figure>\n\n\n\n<figure class=\"wp-block-image size-large\"><img data-recalc-dims=\"1\" loading=\"lazy\" decoding=\"async\" width=\"1024\" height=\"768\" data-id=\"1075\" src=\"https:\/\/i0.wp.com\/leipzig.wordcamp.org\/2025\/files\/2025\/05\/begruessung-wordcampleipzig2025.jpg?resize=1024%2C768&#038;ssl=1\" alt=\"Begr\u00fc\u00dfung durch Jana und Thomas\" class=\"wp-image-1075\" srcset=\"https:\/\/i0.wp.com\/leipzig.wordcamp.org\/2025\/files\/2025\/05\/begruessung-wordcampleipzig2025.jpg?w=1024&amp;ssl=1 1024w, https:\/\/i0.wp.com\/leipzig.wordcamp.org\/2025\/files\/2025\/05\/begruessung-wordcampleipzig2025.jpg?resize=300%2C225&amp;ssl=1 300w, https:\/\/i0.wp.com\/leipzig.wordcamp.org\/2025\/files\/2025\/05\/begruessung-wordcampleipzig2025.jpg?resize=768%2C576&amp;ssl=1 768w, https:\/\/i0.wp.com\/leipzig.wordcamp.org\/2025\/files\/2025\/05\/begruessung-wordcampleipzig2025.jpg?resize=400%2C300&amp;ssl=1 400w\" sizes=\"auto, (max-width: 1000px) 100vw, 1000px\" \/><\/figure>\n<\/figure>\n\n\n\n<div class=\"wp-block-query has-global-padding is-layout-constrained wp-block-query-is-layout-constrained\"><ul class=\"alignwide wp-block-post-template is-layout-flow wp-block-post-template-is-layout-flow\"><li class=\"wp-block-post post-742 wcb_session type-wcb_session status-publish has-post-thumbnail hentry\">\n\n<div class=\"wp-block-group has-global-padding is-layout-constrained wp-block-group-is-layout-constrained\"><h2 class=\"alignwide wp-block-post-title has-var-wp-custom-typography-font-size-huge-clamp-2-25-rem-4-vw-2-75-rem-font-size\"><a href=\"https:\/\/leipzig.wordcamp.org\/2025\/session\/smart-einen-online-shop-aufsetzen-mit-wordpress-kiss-als-sonst-nur-anwender\/\" target=\"_self\" >Smart einen Online-Shop aufsetzen \u2013 mit WordPress &amp; KISS als \u201esonst-nur-Anwender\u201c<\/a><\/h2>\n\n<div class=\"wp-block-wordcamp-session-date\"><time dateTime=\"2025-05-17T09:45:00+02:00\">17. Mai 2025 9:45 CEST<\/time><\/div>\n\n<figure class=\"wp-block-post-featured-image\"><img data-recalc-dims=\"1\" loading=\"lazy\" decoding=\"async\" width=\"1024\" height=\"768\" src=\"https:\/\/i0.wp.com\/leipzig.wordcamp.org\/2025\/files\/2025\/04\/gritt-matussek-wordcamp2025.jpg?resize=1024%2C768&#038;ssl=1\" class=\"attachment-post-thumbnail size-post-thumbnail wp-post-image\" alt=\"Gritt Matussek spricht\" style=\"object-fit:cover;\" srcset=\"https:\/\/i0.wp.com\/leipzig.wordcamp.org\/2025\/files\/2025\/04\/gritt-matussek-wordcamp2025.jpg?w=1024&amp;ssl=1 1024w, https:\/\/i0.wp.com\/leipzig.wordcamp.org\/2025\/files\/2025\/04\/gritt-matussek-wordcamp2025.jpg?resize=300%2C225&amp;ssl=1 300w, https:\/\/i0.wp.com\/leipzig.wordcamp.org\/2025\/files\/2025\/04\/gritt-matussek-wordcamp2025.jpg?resize=768%2C576&amp;ssl=1 768w, https:\/\/i0.wp.com\/leipzig.wordcamp.org\/2025\/files\/2025\/04\/gritt-matussek-wordcamp2025.jpg?resize=400%2C300&amp;ssl=1 400w\" sizes=\"auto, (max-width: 1000px) 100vw, 1000px\" \/><\/figure>\n\n<div class=\"entry-content wp-block-post-content is-layout-flow wp-block-post-content-is-layout-flow\">\n<p class=\"wp-block-paragraph\">\u27a1\ufe0f Dein funktionaler 7-Punkte-Fahrplan, um z\u00fcgig, einen fehlerfreien, effizienten &amp; profitablen Shop aufzusetzen. Mit WordPress m\u00f6glich und charmant in der Umsetzung \u2013 DANK der Hilfe der WP-Community = HAPPY<\/p>\n\n\n<div class=\"wp-block-wordcamp-session-speakers\"><span class=\"wp-block-wordcamp-session-speakers__byline\">Pr\u00e4sentiert von<\/span><span class=\"wp-block-wordcamp-session-speakers__name\"><a href=\"https:\/\/leipzig.wordcamp.org\/2025\/speaker\/gritt-matussek\/\">Gritt Matussek<\/a><\/span><\/div>\n\n\n<p class=\"wp-block-paragraph\"><a href=\"https:\/\/wordpress.tv\/2025\/05\/19\/strategie-zum-online-shop-7-punkte-fahrplan-um-einen-shop-mit-wordpress-einzurichten\/\">Hier geht es zur Aufzeichnung des Vortrags auf WordPress.tv.<\/a><\/p>\n<\/div>\n\n\n\n\n<div style=\"height:16px\" aria-hidden=\"true\" class=\"wp-block-spacer\"><\/div>\n\n\n\n<hr class=\"wp-block-separator has-css-opacity alignwide is-style-wide\" \/>\n\n\n\n<div style=\"height:16px\" aria-hidden=\"true\" class=\"wp-block-spacer\"><\/div>\n<\/div>\n\n<\/li><li class=\"wp-block-post post-729 wcb_session type-wcb_session status-publish has-post-thumbnail hentry\">\n\n<div class=\"wp-block-group has-global-padding is-layout-constrained wp-block-group-is-layout-constrained\"><h2 class=\"alignwide wp-block-post-title has-var-wp-custom-typography-font-size-huge-clamp-2-25-rem-4-vw-2-75-rem-font-size\"><a href=\"https:\/\/leipzig.wordcamp.org\/2025\/session\/barrierefreiheit-auf-mobilgeraeten-aus-sicht-einer-blinden\/\" target=\"_self\" >Barrierefreiheit auf Mobilger\u00e4ten aus SICHT einer Blinden<\/a><\/h2>\n\n<div class=\"wp-block-wordcamp-session-date\"><time dateTime=\"2025-05-17T10:40:00+02:00\">17. Mai 2025 10:40 CEST<\/time><\/div>\n\n<figure class=\"wp-block-post-featured-image\"><img data-recalc-dims=\"1\" loading=\"lazy\" decoding=\"async\" width=\"1024\" height=\"768\" src=\"https:\/\/i0.wp.com\/leipzig.wordcamp.org\/2025\/files\/2025\/04\/manuela-grunert-wordcamp2025.jpg?resize=1024%2C768&#038;ssl=1\" class=\"attachment-post-thumbnail size-post-thumbnail wp-post-image\" alt=\"Manuela Grunert spricht\" style=\"object-fit:cover;\" srcset=\"https:\/\/i0.wp.com\/leipzig.wordcamp.org\/2025\/files\/2025\/04\/manuela-grunert-wordcamp2025.jpg?w=1024&amp;ssl=1 1024w, https:\/\/i0.wp.com\/leipzig.wordcamp.org\/2025\/files\/2025\/04\/manuela-grunert-wordcamp2025.jpg?resize=300%2C225&amp;ssl=1 300w, https:\/\/i0.wp.com\/leipzig.wordcamp.org\/2025\/files\/2025\/04\/manuela-grunert-wordcamp2025.jpg?resize=768%2C576&amp;ssl=1 768w, https:\/\/i0.wp.com\/leipzig.wordcamp.org\/2025\/files\/2025\/04\/manuela-grunert-wordcamp2025.jpg?resize=400%2C300&amp;ssl=1 400w\" sizes=\"auto, (max-width: 1000px) 100vw, 1000px\" \/><\/figure>\n\n<div class=\"entry-content wp-block-post-content is-layout-flow wp-block-post-content-is-layout-flow\">\n<p class=\"wp-block-paragraph\">Viele kennen die Bildschirmlupe zum Vergr\u00f6\u00dfern von Inhalten auf dem Bildschirm.<\/p>\n\n\n\n <a href=\"https:\/\/leipzig.wordcamp.org\/2025\/session\/barrierefreiheit-auf-mobilgeraeten-aus-sicht-einer-blinden\/#more-729\" class=\"more-link\"><span aria-label=\"Barrierefreiheit auf Mobilger\u00e4ten aus SICHT einer Blinden weiterlesen\">(mehr\u00a0&hellip;)<\/span><\/a><\/div>\n\n\n\n\n<div style=\"height:16px\" aria-hidden=\"true\" class=\"wp-block-spacer\"><\/div>\n\n\n\n<hr class=\"wp-block-separator has-css-opacity alignwide is-style-wide\" \/>\n\n\n\n<div style=\"height:16px\" aria-hidden=\"true\" class=\"wp-block-spacer\"><\/div>\n<\/div>\n\n<\/li><li class=\"wp-block-post post-648 wcb_session type-wcb_session status-publish has-post-thumbnail hentry\">\n\n<div class=\"wp-block-group has-global-padding is-layout-constrained wp-block-group-is-layout-constrained\"><h2 class=\"alignwide wp-block-post-title has-var-wp-custom-typography-font-size-huge-clamp-2-25-rem-4-vw-2-75-rem-font-size\"><a href=\"https:\/\/leipzig.wordcamp.org\/2025\/session\/unsichtbare-fehler\/\" target=\"_self\" >Unsichtbare Fehler &#8211; Kuriosit\u00e4ten aus 20 Jahren WordPress<\/a><\/h2>\n\n<div class=\"wp-block-wordcamp-session-date\"><time dateTime=\"2025-05-17T11:35:00+02:00\">17. Mai 2025 11:35 CEST<\/time><\/div>\n\n<figure class=\"wp-block-post-featured-image\"><img data-recalc-dims=\"1\" loading=\"lazy\" decoding=\"async\" width=\"1024\" height=\"768\" src=\"https:\/\/i0.wp.com\/leipzig.wordcamp.org\/2025\/files\/2025\/04\/torsten-landsiedel-wordcamp2025.jpg?resize=1024%2C768&#038;ssl=1\" class=\"attachment-post-thumbnail size-post-thumbnail wp-post-image\" alt=\"Torsten Landsiedel spricht\" style=\"object-fit:cover;\" srcset=\"https:\/\/i0.wp.com\/leipzig.wordcamp.org\/2025\/files\/2025\/04\/torsten-landsiedel-wordcamp2025.jpg?w=1024&amp;ssl=1 1024w, https:\/\/i0.wp.com\/leipzig.wordcamp.org\/2025\/files\/2025\/04\/torsten-landsiedel-wordcamp2025.jpg?resize=300%2C225&amp;ssl=1 300w, https:\/\/i0.wp.com\/leipzig.wordcamp.org\/2025\/files\/2025\/04\/torsten-landsiedel-wordcamp2025.jpg?resize=768%2C576&amp;ssl=1 768w, https:\/\/i0.wp.com\/leipzig.wordcamp.org\/2025\/files\/2025\/04\/torsten-landsiedel-wordcamp2025.jpg?resize=400%2C300&amp;ssl=1 400w\" sizes=\"auto, (max-width: 1000px) 100vw, 1000px\" \/><\/figure>\n\n<div class=\"entry-content wp-block-post-content is-layout-flow wp-block-post-content-is-layout-flow\">\n<p class=\"wp-block-paragraph\">WordPress ist leicht zu lernen und schwer zu meistern. Nach der 5-Minuten-Installation (wom\u00f6glich noch k\u00fcrzer per 1-Klick-Installation) ist alles abstrahiert und kann im Interface eingestellt und bearbeitet werden. Was nicht zu sehen ist, ist auch nicht wichtig. <\/p>\n\n\n\n<p class=\"wp-block-paragraph\">&#8222;Decision, not options.&#8220; &#8211; getreu der WordPress-Philosophie. <\/p>\n\n\n\n<p class=\"wp-block-paragraph\">Aber leider gilt auch &#8222;Aus den Augen, aus dem Sinn.&#8220; Es gibt etliche Stellen in WordPress, die leicht vergessen werden k\u00f6nnen, weil sie nicht direkt zu sehen sind.<\/p>\n\n\n\n<p class=\"wp-block-paragraph\">Probleme kann es geben mit der .htaccess, Sitemaps, robots.txt, Autoload-Optionen, Favicons und noch vielen mehr.<\/p>\n\n\n\n<p class=\"wp-block-paragraph\">Ein Talk f\u00fcr alle, die verstehen wollen, was genau passiert \u2013 was schiefl\u00e4uft und wie sie es reparieren k\u00f6nnen.<\/p>\n\n\n<div class=\"wp-block-wordcamp-session-speakers\"><span class=\"wp-block-wordcamp-session-speakers__byline\">Pr\u00e4sentiert von<\/span><span class=\"wp-block-wordcamp-session-speakers__name\"><a href=\"https:\/\/leipzig.wordcamp.org\/2025\/speaker\/torsten-landsiedel\/\">Torsten Landsiedel<\/a><\/span><\/div>\n\n\n<p class=\"wp-block-paragraph\"><a href=\"https:\/\/wordpress.tv\/2025\/05\/19\/unsichtbare-fehler-kuriositaeten-aus-20-jahren-wordpress\/\">Hier geht es zur Aufzeichnung des Vortrags auf WordPress.tv.<\/a><\/p>\n<\/div>\n\n\n\n\n<div style=\"height:16px\" aria-hidden=\"true\" class=\"wp-block-spacer\"><\/div>\n\n\n\n<hr class=\"wp-block-separator has-css-opacity alignwide is-style-wide\" \/>\n\n\n\n<div style=\"height:16px\" aria-hidden=\"true\" class=\"wp-block-spacer\"><\/div>\n<\/div>\n\n<\/li><li class=\"wp-block-post post-637 wcb_session type-wcb_session status-publish has-post-thumbnail hentry\">\n\n<div class=\"wp-block-group has-global-padding is-layout-constrained wp-block-group-is-layout-constrained\"><h2 class=\"alignwide wp-block-post-title has-var-wp-custom-typography-font-size-huge-clamp-2-25-rem-4-vw-2-75-rem-font-size\"><a href=\"https:\/\/leipzig.wordcamp.org\/2025\/session\/webseiten-fuer-gen-z-warum-modernes-ux-design-entscheidend-ist\/\" target=\"_self\" >Webseiten f\u00fcr Gen Z \u2013 Warum modernes UX-Design entscheidend ist<\/a><\/h2>\n\n<div class=\"wp-block-wordcamp-session-date\"><time dateTime=\"2025-05-17T13:15:00+02:00\">17. Mai 2025 13:15 CEST<\/time><\/div>\n\n<figure class=\"wp-block-post-featured-image\"><img data-recalc-dims=\"1\" loading=\"lazy\" decoding=\"async\" width=\"1024\" height=\"769\" src=\"https:\/\/i0.wp.com\/leipzig.wordcamp.org\/2025\/files\/2025\/04\/marie-moeller-dustyn-model-wordcamp2025.jpg?resize=1024%2C769&#038;ssl=1\" class=\"attachment-post-thumbnail size-post-thumbnail wp-post-image\" alt=\"Marie M\u00f6ller und Dustyn Model sprechen\" style=\"object-fit:cover;\" srcset=\"https:\/\/i0.wp.com\/leipzig.wordcamp.org\/2025\/files\/2025\/04\/marie-moeller-dustyn-model-wordcamp2025.jpg?w=1024&amp;ssl=1 1024w, https:\/\/i0.wp.com\/leipzig.wordcamp.org\/2025\/files\/2025\/04\/marie-moeller-dustyn-model-wordcamp2025.jpg?resize=300%2C225&amp;ssl=1 300w, https:\/\/i0.wp.com\/leipzig.wordcamp.org\/2025\/files\/2025\/04\/marie-moeller-dustyn-model-wordcamp2025.jpg?resize=768%2C577&amp;ssl=1 768w, https:\/\/i0.wp.com\/leipzig.wordcamp.org\/2025\/files\/2025\/04\/marie-moeller-dustyn-model-wordcamp2025.jpg?resize=399%2C300&amp;ssl=1 399w\" sizes=\"auto, (max-width: 1000px) 100vw, 1000px\" \/><\/figure>\n\n<div class=\"entry-content wp-block-post-content is-layout-flow wp-block-post-content-is-layout-flow\">\n<p class=\"wp-block-paragraph\">Die Generation Z ist die erste vollst\u00e4ndig digital aufgewachsene Generation \u2013 sie erwartet schnelle, interaktive und intuitive Web-Erlebnisse. Doch viele Webseiten sind nicht auf ihre Bed\u00fcrfnisse optimiert: Lange Ladezeiten, komplizierte Navigation und veraltete Designs sorgen daf\u00fcr, dass junge Nutzer abspringen. In diesem Vortrag zeigen wir, warum modernes UX-Design f\u00fcr Gen Z entscheidend ist und wie Unternehmen ihre WordPress-Webseiten mit einfachen Anpassungen zug\u00e4nglicher, attraktiver und effektiver gestalten k\u00f6nnen. Von Mobile-First-Ans\u00e4tzen \u00fcber interaktive Elemente bis hin zu vereinfachten Formularen \u2013 wir geben praxisnahe Tipps, die sofort umsetzbar sind und ganz sicher die junge Generation ansprechen!<\/p>\n\n\n<div class=\"wp-block-wordcamp-session-speakers\"><span class=\"wp-block-wordcamp-session-speakers__byline\">Pr\u00e4sentiert von<\/span><span class=\"wp-block-wordcamp-session-speakers__name\"><a href=\"https:\/\/leipzig.wordcamp.org\/2025\/speaker\/marie-moeller-dustyn-model\/\">Marie M\u00f6ller &amp; Dustyn Model<\/a><\/span><\/div>\n\n\n<p class=\"wp-block-paragraph\"><a href=\"https:\/\/wordpress.tv\/2025\/05\/19\/webseiten-fuer-gen-z-warum-modernes-ux-design-entscheidend-ist\/\">Hier geht es zur Aufzeichnung des Vortrags auf WordPress.tv.<\/a><\/p>\n<\/div>\n\n\n\n\n<div style=\"height:16px\" aria-hidden=\"true\" class=\"wp-block-spacer\"><\/div>\n\n\n\n<hr class=\"wp-block-separator has-css-opacity alignwide is-style-wide\" \/>\n\n\n\n<div style=\"height:16px\" aria-hidden=\"true\" class=\"wp-block-spacer\"><\/div>\n<\/div>\n\n<\/li><li class=\"wp-block-post post-697 wcb_session type-wcb_session status-publish has-post-thumbnail hentry\">\n\n<div class=\"wp-block-group has-global-padding is-layout-constrained wp-block-group-is-layout-constrained\"><h2 class=\"alignwide wp-block-post-title has-var-wp-custom-typography-font-size-huge-clamp-2-25-rem-4-vw-2-75-rem-font-size\"><a href=\"https:\/\/leipzig.wordcamp.org\/2025\/session\/wie-barrierefrei-ist-wordpress\/\" target=\"_self\" >Wie barrierefrei ist WordPress?<\/a><\/h2>\n\n<div class=\"wp-block-wordcamp-session-date\"><time dateTime=\"2025-05-17T14:10:00+02:00\">17. Mai 2025 14:10 CEST<\/time><\/div>\n\n<figure class=\"wp-block-post-featured-image\"><img data-recalc-dims=\"1\" loading=\"lazy\" decoding=\"async\" width=\"2048\" height=\"1536\" src=\"https:\/\/i0.wp.com\/leipzig.wordcamp.org\/2025\/files\/2025\/03\/katja-schulz-wordcamp2025.jpg?resize=2048%2C1536&#038;ssl=1\" class=\"attachment-post-thumbnail size-post-thumbnail wp-post-image\" alt=\"Katja Schulz spricht\" style=\"object-fit:cover;\" srcset=\"https:\/\/i0.wp.com\/leipzig.wordcamp.org\/2025\/files\/2025\/03\/katja-schulz-wordcamp2025.jpg?w=2048&amp;ssl=1 2048w, https:\/\/i0.wp.com\/leipzig.wordcamp.org\/2025\/files\/2025\/03\/katja-schulz-wordcamp2025.jpg?resize=300%2C225&amp;ssl=1 300w, https:\/\/i0.wp.com\/leipzig.wordcamp.org\/2025\/files\/2025\/03\/katja-schulz-wordcamp2025.jpg?resize=1024%2C768&amp;ssl=1 1024w, https:\/\/i0.wp.com\/leipzig.wordcamp.org\/2025\/files\/2025\/03\/katja-schulz-wordcamp2025.jpg?resize=768%2C576&amp;ssl=1 768w, https:\/\/i0.wp.com\/leipzig.wordcamp.org\/2025\/files\/2025\/03\/katja-schulz-wordcamp2025.jpg?resize=400%2C300&amp;ssl=1 400w, https:\/\/i0.wp.com\/leipzig.wordcamp.org\/2025\/files\/2025\/03\/katja-schulz-wordcamp2025.jpg?resize=1536%2C1152&amp;ssl=1 1536w\" sizes=\"auto, (max-width: 1000px) 100vw, 1000px\" \/><\/figure>\n\n<div class=\"entry-content wp-block-post-content is-layout-flow wp-block-post-content-is-layout-flow\">\n<p class=\"wp-block-paragraph\">Das Barrierefreiheitsst\u00e4rkungsgesetz (BFSG) tritt in wenigen Wochen in Kraft. Wir schauen uns an, wie Du Deine WordPress Seite mit Bordmitteln (Core, Theme, Page Builder, Plugins) so barrierearm wie m\u00f6glich machen kannst. Und worauf Du generell bei der Erstellung Deiner Website aus Barrierefreiheitssicht achten kannst.<\/p>\n\n\n<div class=\"wp-block-wordcamp-session-speakers\"><span class=\"wp-block-wordcamp-session-speakers__byline\">Pr\u00e4sentiert von<\/span><span class=\"wp-block-wordcamp-session-speakers__name\"><a href=\"https:\/\/leipzig.wordcamp.org\/2025\/speaker\/katja-schulz\/\">Katja Schulz<\/a><\/span><\/div>\n\n\n<p class=\"wp-block-paragraph\"><a href=\"https:\/\/wordpress.tv\/2025\/05\/19\/wie-barrierefrei-ist-wordpress\/\">Hier geht es zur Aufzeichnung des Vortrags auf WordPress.tv.<\/a><\/p>\n<\/div>\n\n\n\n\n<div style=\"height:16px\" aria-hidden=\"true\" class=\"wp-block-spacer\"><\/div>\n\n\n\n<hr class=\"wp-block-separator has-css-opacity alignwide is-style-wide\" \/>\n\n\n\n<div style=\"height:16px\" aria-hidden=\"true\" class=\"wp-block-spacer\"><\/div>\n<\/div>\n\n<\/li><li class=\"wp-block-post post-526 wcb_session type-wcb_session status-publish has-post-thumbnail hentry\">\n\n<div class=\"wp-block-group has-global-padding is-layout-constrained wp-block-group-is-layout-constrained\"><h2 class=\"alignwide wp-block-post-title has-var-wp-custom-typography-font-size-huge-clamp-2-25-rem-4-vw-2-75-rem-font-size\"><a href=\"https:\/\/leipzig.wordcamp.org\/2025\/session\/block-themes-eine-einfuehrung-mit-praktischen-beispielen\/\" target=\"_self\" >Block Themes &#8211; eine Einf\u00fchrung mit praktischen Beispielen<\/a><\/h2>\n\n<div class=\"wp-block-wordcamp-session-date\"><time dateTime=\"2025-05-17T15:05:00+02:00\">17. Mai 2025 15:05 CEST<\/time><\/div>\n\n<figure class=\"wp-block-post-featured-image\"><img data-recalc-dims=\"1\" loading=\"lazy\" decoding=\"async\" width=\"1024\" height=\"768\" src=\"https:\/\/i0.wp.com\/leipzig.wordcamp.org\/2025\/files\/2025\/03\/hans-gerd-gerhards-wordcamp2025.jpg?resize=1024%2C768&#038;ssl=1\" class=\"attachment-post-thumbnail size-post-thumbnail wp-post-image\" alt=\"Hans Gerd Gerhards spricht\" style=\"object-fit:cover;\" srcset=\"https:\/\/i0.wp.com\/leipzig.wordcamp.org\/2025\/files\/2025\/03\/hans-gerd-gerhards-wordcamp2025.jpg?w=1024&amp;ssl=1 1024w, https:\/\/i0.wp.com\/leipzig.wordcamp.org\/2025\/files\/2025\/03\/hans-gerd-gerhards-wordcamp2025.jpg?resize=300%2C225&amp;ssl=1 300w, https:\/\/i0.wp.com\/leipzig.wordcamp.org\/2025\/files\/2025\/03\/hans-gerd-gerhards-wordcamp2025.jpg?resize=768%2C576&amp;ssl=1 768w, https:\/\/i0.wp.com\/leipzig.wordcamp.org\/2025\/files\/2025\/03\/hans-gerd-gerhards-wordcamp2025.jpg?resize=400%2C300&amp;ssl=1 400w\" sizes=\"auto, (max-width: 1000px) 100vw, 1000px\" \/><\/figure>\n\n<div class=\"entry-content wp-block-post-content is-layout-flow wp-block-post-content-is-layout-flow\">\n<p class=\"wp-block-paragraph\">Im <a href=\"https:\/\/de.wordpress.org\/support\/view\/all-topics\/\">deutschsprachigen WordPress-Forum<\/a> stellen wir immer wieder fest, welche Schwierigkeiten User mit der Anpassung eines Block Themes wie Twenty Twenty-Four haben, weil sich mit der Einf\u00fchrung von Block Themes die Art und Weise, wie WordPress-Websites gestaltet und verwaltet werden, grundlegend ver\u00e4ndert hat.<\/p>\n\n\n\n<p class=\"wp-block-paragraph\">Block Themes bestehen aus modularen Bl\u00f6cken, die Benutzer*innen per Drag-and-Drop anpassen k\u00f6nnen. Standard-Themes wie Twenty Twenty-Four oder Twenty Twenty-Five nutzen wie jedes Block Theme den Block-Editor (Gutenberg), um eine flexible und benutzerfreundliche Anpassung einer WordPress-Instanz zu erm\u00f6glichen, ohne dass tiefgehende Programmierkenntnisse erforderlich sind.<br>Diese hohe Flexibilit\u00e4t im Vergleich zu klassischen Themes wie Astra, OceanWP oder GeneratePress macht die St\u00e4rke der Block Themes wie Twenty Twenty-Five aus.<\/p>\n\n\n\n<p class=\"wp-block-paragraph\">Bei diesem Vortrag werde ich an einem Beispiel eines Standardthemes wie z. B. Twenty Twenty-Five zeigen, wie man eine WordPress-Instanz bei einem Block Theme sehr flexibel anpassen kann. Zun\u00e4chst erfolgt eine kurze Einf\u00fchrung in das Standardtheme. Anschlie\u00dfend werden live auf einer Testinstanz Templates individuell angepasst oder neu erstellt. Sollte es zeitlich m\u00f6glich sein, schauen wir uns verschiedene andere Block Themes kurz an.<\/p>\n\n\n<div class=\"wp-block-wordcamp-session-speakers\"><span class=\"wp-block-wordcamp-session-speakers__byline\">Pr\u00e4sentiert von<\/span><span class=\"wp-block-wordcamp-session-speakers__name\"><a href=\"https:\/\/leipzig.wordcamp.org\/2025\/speaker\/hans-gerd-gerhards\/\">Hans-Gerd Gerhards<\/a><\/span><\/div>\n\n\n<p class=\"wp-block-paragraph\"><a href=\"https:\/\/wordpress.tv\/2025\/05\/19\/block-themes-eine-einfuehrung-mit-praktischen-beispielen\/\">Hier geht es zur Aufzeichnung des Vortrags auf WordPress.tv.<\/a><\/p>\n<\/div>\n\n\n\n\n<div style=\"height:16px\" aria-hidden=\"true\" class=\"wp-block-spacer\"><\/div>\n\n\n\n<hr class=\"wp-block-separator has-css-opacity alignwide is-style-wide\" \/>\n\n\n\n<div style=\"height:16px\" aria-hidden=\"true\" class=\"wp-block-spacer\"><\/div>\n<\/div>\n\n<\/li><li class=\"wp-block-post post-739 wcb_session type-wcb_session status-publish has-post-thumbnail hentry\">\n\n<div class=\"wp-block-group has-global-padding is-layout-constrained wp-block-group-is-layout-constrained\"><h2 class=\"alignwide wp-block-post-title has-var-wp-custom-typography-font-size-huge-clamp-2-25-rem-4-vw-2-75-rem-font-size\"><a href=\"https:\/\/leipzig.wordcamp.org\/2025\/session\/der-blinde-insighter-von-barrierefreien-webseiten-oder-auch-nicht\/\" target=\"_self\" >Der Blinde Insighter: Von barrierefreien Webseiten \u2013 oder auch nicht<\/a><\/h2>\n\n<div class=\"wp-block-wordcamp-session-date\"><time dateTime=\"2025-05-17T16:00:00+02:00\">17. Mai 2025 16:00 CEST<\/time><\/div>\n\n<figure class=\"wp-block-post-featured-image\"><img data-recalc-dims=\"1\" loading=\"lazy\" decoding=\"async\" width=\"1024\" height=\"768\" src=\"https:\/\/i0.wp.com\/leipzig.wordcamp.org\/2025\/files\/2025\/04\/mathias-grunert-wordcamp2025.jpg?resize=1024%2C768&#038;ssl=1\" class=\"attachment-post-thumbnail size-post-thumbnail wp-post-image\" alt=\"Mathias Grunert spricht\" style=\"object-fit:cover;\" srcset=\"https:\/\/i0.wp.com\/leipzig.wordcamp.org\/2025\/files\/2025\/04\/mathias-grunert-wordcamp2025.jpg?w=1024&amp;ssl=1 1024w, https:\/\/i0.wp.com\/leipzig.wordcamp.org\/2025\/files\/2025\/04\/mathias-grunert-wordcamp2025.jpg?resize=300%2C225&amp;ssl=1 300w, https:\/\/i0.wp.com\/leipzig.wordcamp.org\/2025\/files\/2025\/04\/mathias-grunert-wordcamp2025.jpg?resize=768%2C576&amp;ssl=1 768w, https:\/\/i0.wp.com\/leipzig.wordcamp.org\/2025\/files\/2025\/04\/mathias-grunert-wordcamp2025.jpg?resize=400%2C300&amp;ssl=1 400w\" sizes=\"auto, (max-width: 1000px) 100vw, 1000px\" \/><\/figure>\n\n<div class=\"entry-content wp-block-post-content is-layout-flow wp-block-post-content-is-layout-flow\">\n<p class=\"wp-block-paragraph\">Barrierefreiheit d\u00fcrfte den meisten ein Begriff sein. Doch die wenigsten k\u00f6nnen sich vorstellen, wie sich Barrierefreiheit oder auch ihre Abwesenheit auf die Nutzung einer Webseite auswirken.<\/p>\n\n\n\n <a href=\"https:\/\/leipzig.wordcamp.org\/2025\/session\/der-blinde-insighter-von-barrierefreien-webseiten-oder-auch-nicht\/#more-739\" class=\"more-link\"><span aria-label=\"Der Blinde Insighter: Von barrierefreien Webseiten \u2013 oder auch nicht weiterlesen\">(mehr\u00a0&hellip;)<\/span><\/a><\/div>\n\n\n\n\n<div style=\"height:16px\" aria-hidden=\"true\" class=\"wp-block-spacer\"><\/div>\n\n\n\n<hr class=\"wp-block-separator has-css-opacity alignwide is-style-wide\" \/>\n\n\n\n<div style=\"height:16px\" aria-hidden=\"true\" class=\"wp-block-spacer\"><\/div>\n<\/div>\n\n<\/li><li class=\"wp-block-post post-487 wcb_session type-wcb_session status-publish has-post-thumbnail hentry\">\n\n<div class=\"wp-block-group has-global-padding is-layout-constrained wp-block-group-is-layout-constrained\"><h2 class=\"alignwide wp-block-post-title has-var-wp-custom-typography-font-size-huge-clamp-2-25-rem-4-vw-2-75-rem-font-size\"><a href=\"https:\/\/leipzig.wordcamp.org\/2025\/session\/website-performance-steigern-auch-mit-500-000-anhaengen\/\" target=\"_self\" >Website-Performance steigern: Auch mit 500.000 Anh\u00e4ngen<\/a><\/h2>\n\n<div class=\"wp-block-wordcamp-session-date\"><time dateTime=\"2025-05-17T16:55:00+02:00\">17. Mai 2025 16:55 CEST<\/time><\/div>\n\n<figure class=\"wp-block-post-featured-image\"><img data-recalc-dims=\"1\" loading=\"lazy\" decoding=\"async\" width=\"1024\" height=\"768\" src=\"https:\/\/i0.wp.com\/leipzig.wordcamp.org\/2025\/files\/2025\/04\/christoph-daum-wordcamp2025.jpg?resize=1024%2C768&#038;ssl=1\" class=\"attachment-post-thumbnail size-post-thumbnail wp-post-image\" alt=\"Christoph Daum spricht\" style=\"object-fit:cover;\" srcset=\"https:\/\/i0.wp.com\/leipzig.wordcamp.org\/2025\/files\/2025\/04\/christoph-daum-wordcamp2025.jpg?w=1024&amp;ssl=1 1024w, https:\/\/i0.wp.com\/leipzig.wordcamp.org\/2025\/files\/2025\/04\/christoph-daum-wordcamp2025.jpg?resize=300%2C225&amp;ssl=1 300w, https:\/\/i0.wp.com\/leipzig.wordcamp.org\/2025\/files\/2025\/04\/christoph-daum-wordcamp2025.jpg?resize=768%2C576&amp;ssl=1 768w, https:\/\/i0.wp.com\/leipzig.wordcamp.org\/2025\/files\/2025\/04\/christoph-daum-wordcamp2025.jpg?resize=400%2C300&amp;ssl=1 400w\" sizes=\"auto, (max-width: 1000px) 100vw, 1000px\" \/><\/figure>\n\n<div class=\"entry-content wp-block-post-content is-layout-flow wp-block-post-content-is-layout-flow\">\n<p class=\"wp-block-paragraph\">In meiner ersten Arbeitswoche wurde ich beauftragt, eine Website zu beschleunigen, die unglaublich langsam war. Und wenn ich langsam sage, meine ich WIRKLICH langsam: 40 Sekunden oder l\u00e4nger, um einen einzelnen Beitrag zu speichern. Einen Beitrag laden? Mindestens 20 Sekunden!<\/p>\n\n\n\n <a href=\"https:\/\/leipzig.wordcamp.org\/2025\/session\/website-performance-steigern-auch-mit-500-000-anhaengen\/#more-487\" class=\"more-link\"><span aria-label=\"Website-Performance steigern: Auch mit 500.000 Anh\u00e4ngen weiterlesen\">(mehr\u00a0&hellip;)<\/span><\/a><\/div>\n\n\n\n\n<div style=\"height:16px\" aria-hidden=\"true\" class=\"wp-block-spacer\"><\/div>\n\n\n\n<hr class=\"wp-block-separator has-css-opacity alignwide is-style-wide\" \/>\n\n\n\n<div style=\"height:16px\" aria-hidden=\"true\" class=\"wp-block-spacer\"><\/div>\n<\/div>\n\n<\/li><\/ul><\/div>\n","protected":false},"excerpt":{"rendered":"","protected":false},"author":13587830,"featured_media":0,"parent":0,"menu_order":0,"comment_status":"closed","ping_status":"closed","template":"","meta":{"_crdt_document":"","advanced_seo_description":"","jetpack_seo_html_title":"","jetpack_seo_noindex":false,"jetpack_post_was_ever_published":false,"footnotes":""},"class_list":["post-9","page","type-page","status-publish","hentry"],"jetpack_sharing_enabled":true,"jetpack_likes_enabled":true,"_links":{"self":[{"href":"https:\/\/leipzig.wordcamp.org\/2025\/wp-json\/wp\/v2\/pages\/9","targetHints":{"allow":["GET"]}}],"collection":[{"href":"https:\/\/leipzig.wordcamp.org\/2025\/wp-json\/wp\/v2\/pages"}],"about":[{"href":"https:\/\/leipzig.wordcamp.org\/2025\/wp-json\/wp\/v2\/types\/page"}],"author":[{"embeddable":true,"href":"https:\/\/leipzig.wordcamp.org\/2025\/wp-json\/wp\/v2\/users\/13587830"}],"replies":[{"embeddable":true,"href":"https:\/\/leipzig.wordcamp.org\/2025\/wp-json\/wp\/v2\/comments?post=9"}],"version-history":[{"count":5,"href":"https:\/\/leipzig.wordcamp.org\/2025\/wp-json\/wp\/v2\/pages\/9\/revisions"}],"predecessor-version":[{"id":1085,"href":"https:\/\/leipzig.wordcamp.org\/2025\/wp-json\/wp\/v2\/pages\/9\/revisions\/1085"}],"wp:attachment":[{"href":"https:\/\/leipzig.wordcamp.org\/2025\/wp-json\/wp\/v2\/media?parent=9"}],"curies":[{"name":"wp","href":"https:\/\/api.w.org\/{rel}","templated":true}]}}